{"id":48104,"date":"2025-08-15T11:02:38","date_gmt":"2025-08-15T09:02:38","guid":{"rendered":"https:\/\/iuzb.de\/?page_id=48104"},"modified":"2025-10-16T07:20:02","modified_gmt":"2025-10-16T05:20:02","slug":"6-3","status":"publish","type":"page","link":"https:\/\/iuzb.de\/?page_id=48104","title":{"rendered":"4. Keine Erh\u00f6hung der Kammerbeitr\u00e4ge"},"content":{"rendered":"<p>&nbsp;<\/p>\n<p style=\"text-align: justify; padding-left: 40px;\"><span style=\"font-family: arial, helvetica, sans-serif; font-size: 14pt;\"><span style=\"color: #008889;\"><span style=\"font-family: arial, helvetica, sans-serif;\">Genug muss genug sein. Zahl der Vorstandsmitglieder reduzieren. Konzentration auf die Kernaufgaben. Teuren Ballast abwerfen.<br \/>\n<\/span><strong>Durch uns.<\/strong><\/span><\/span><\/p>\n<p>&nbsp;<\/p>\n<p style=\"text-align: justify;\"><strong><span style=\"font-family: arial, helvetica, sans-serif; font-size: 14pt; color: #008889;\">Weniger Gremien, mehr Wirkung \u2013 gemeinsam f\u00fcr eine schlankere Zahn\u00e4rztekammer Berlin<\/span><\/strong><\/p>\n<p style=\"text-align: justify;\"><span style=\"font-family: arial, helvetica, sans-serif; font-size: 12pt;\">Keine Erh\u00f6hung der Kammerbeitr\u00e4ge!<\/span><br \/>\n<span style=\"font-family: arial, helvetica, sans-serif; font-size: 12pt;\">Genug ist genug. Wir treten an, um das System der Zahn\u00e4rztekammer Berlin grundlegend zu reformieren: weg von \u00fcberbordender B\u00fcrokratie, weg von zahlreichem \u201cteuren Ballast\u201d \u2013 hin zu einer klar strukturierten, transparenten und effektiven Standesvertretung.<\/span><\/p>\n<p style=\"text-align: justify;\"><strong><span style=\"font-family: arial, helvetica, sans-serif; font-size: 12pt;\">Warum eine Reform \u00fcberf\u00e4llig ist<\/span><\/strong><\/p>\n<p style=\"text-align: justify;\"><span style=\"font-family: arial, helvetica, sans-serif; font-size: 12pt;\">Die Zahn\u00e4rztekammer Berlin versteht sich als K\u00f6rperschaft des \u00f6ffentlichen Rechts und vertritt im Land Berlin alle Zahn\u00e4rztinnen und Zahn\u00e4rzte in berufsrechtlichen, berufsethischen und gesundheitspolitischen Angelegenheiten. <\/span><span style=\"font-family: arial, helvetica, sans-serif; font-size: 12pt;\">Organisch ist sie aufgebaut mit der Delegiertenversammlung (als oberstem Organ) und dem Vorstand und Pr\u00e4sidium als gesch\u00e4ftsf\u00fchrendem Organ. <\/span><span style=\"font-family: arial, helvetica, sans-serif; font-size: 12pt;\">In der Kammer gibt es verschiedene Fachreferate (z. B. Mitgliederverwaltung, \u00d6ffentlichkeitsarbeit, Justiziariat, Berufsrecht, GOZ, Soziales, Fort- und Weiterbildung u.v.m.).<\/span><\/p>\n<p style=\"text-align: justify;\"><span style=\"font-family: arial, helvetica, sans-serif; font-size: 12pt;\"><span style=\"text-decoration: underline;\">Aber:<\/span> Die Aufgabenverteilung und personelle Besetzung dieser Gremien ist derzeit zu breit gestreut \u2013 mit Risiken f\u00fcr Ineffizienz, Doppelstrukturen und unn\u00f6tige Kosten.<\/span><\/p>\n<p style=\"text-align: justify;\"><span style=\"font-family: arial, helvetica, sans-serif; font-size: 12pt;\">Der heutige Zustand: zu viele H\u00e4nde, zu wenig Fokus<\/span><br \/>\n<span style=\"font-family: arial, helvetica, sans-serif; font-size: 12pt;\">Durch die Vielzahl der Gremien und Vertreter droht: Aufgaben\u00fcberschneidung, Mehraufwand bei Koordination, verl\u00e4ngerte Entscheidungswege \u2013 und letztlich h\u00f6here Verwaltungskosten, die am Ende die Kammerbeitr\u00e4ge belasten.<\/span><\/p>\n<p style=\"text-align: justify;\"><span style=\"font-family: arial, helvetica, sans-serif; font-size: 12pt; color: #ffffff; background-color: #008889;\">Unser Konzept: <\/span><\/p>\n<p style=\"text-align: justify;\"><span style=\"font-family: arial, helvetica, sans-serif; font-size: 12pt; color: #ffffff; background-color: #008889;\">Konzentration, Reduktion, klare Priorit\u00e4ten<\/span><\/p>\n<p><strong><span style=\"font-family: arial, helvetica, sans-serif; font-size: 12pt;\">1. Reduktion der Vorstandsmitglieder<\/span><\/strong><\/p>\n<p style=\"text-align: justify; padding-left: 40px;\"><span style=\"font-family: arial, helvetica, sans-serif; font-size: 12pt;\">Wir schlagen vor, die Zahl der Vorstandsmitglieder zu senken \u2014 etwa durch Zusammenlegung von Referaten und gezielte Rotation von Zust\u00e4ndigkeiten. Weniger Vorstandsmitglieder hei\u00dft weniger Abstimmungsaufwand, geringere Sitzungskosten und klarere Verantwortlichkeiten.<\/span><\/p>\n<p style=\"text-align: justify;\"><strong><span style=\"font-family: arial, helvetica, sans-serif; font-size: 12pt;\">2. Kernaufgaben priorisieren \u2013 Ballast abwerfen<\/span><\/strong><\/p>\n<p style=\"text-align: justify; padding-left: 40px;\"><span style=\"font-family: arial, helvetica, sans-serif; font-size: 12pt;\">Die Z\u00c4K soll sich auf funktional unverzichtbare Kernaufgaben konzentrieren:<\/span><br \/>\n<span style=\"font-family: arial, helvetica, sans-serif; font-size: 12pt;\">\u2022 Berufsrechtliche Beratung und Aufsicht<\/span><br \/>\n<span style=\"font-family: arial, helvetica, sans-serif; font-size: 12pt;\">\u2022 Fort- und Weiterbildung<\/span><br \/>\n<span style=\"font-family: arial, helvetica, sans-serif; font-size: 12pt;\">\u2022 Interessenvertretung gegen\u00fcber Politik und \u00d6ffentlichem<\/span><br \/>\n<span style=\"font-family: arial, helvetica, sans-serif; font-size: 12pt;\">\u2022 Mitgliederbetreuung und Grundverwaltung<\/span><span style=\"font-family: arial, helvetica, sans-serif; font-size: 12pt;\"><br \/>\n\u2022 Geb\u00fchrenordnung f\u00fcr Zahn\u00e4rzte<br \/>\n<\/span><span style=\"font-family: arial, helvetica, sans-serif; font-size: 12pt;\">Alles, was dar\u00fcber hinausgeht, z.B. \u00fcbertriebene \u00d6ffentlichkeitsaktionen, zus\u00e4tzliche Projektorgien etc., muss auf den Pr\u00fcfstand.<\/span><\/p>\n<p style=\"text-align: justify;\"><strong><span style=\"font-family: arial, helvetica, sans-serif; font-size: 12pt;\">3. Transparente Aufgabenverteilung \u2013 eindeutige Zust\u00e4ndigkeiten<\/span><\/strong><\/p>\n<p style=\"text-align: justify; padding-left: 40px;\"><span style=\"font-family: arial, helvetica, sans-serif; font-size: 12pt;\">Jeder verbleibende Vorstand und jedes Referat sollen klar definierte Zust\u00e4ndigkeiten haben, ohne \u00dcberschneidungen. Kompetenzhierarchien werden vereinfacht, und jede Ressortverantwortlichkeit wird publiziert, damit die Mitglieder nachvollziehen k\u00f6nnen, wer wof\u00fcr verantwortlich ist.<\/span><\/p>\n<p style=\"text-align: justify;\"><strong><span style=\"font-family: arial, helvetica, sans-serif; font-size: 12pt;\">4. Strikte Kostenkontrolle, kein finanzieller Mehraufwand f\u00fcr Mitglieder<\/span><\/strong><\/p>\n<p style=\"text-align: justify; padding-left: 40px;\"><span style=\"font-family: arial, helvetica, sans-serif; font-size: 12pt;\">Wir bekennen uns klar: Keine Beitragserh\u00f6hung. F\u00fcr alle Reformen gilt die Devise: Einsparpotenzial muss zuerst genutzt werden. Neue Ausgaben nur, wenn sie nachhaltigen Mehrwert bringen \u2013 nicht, um Gremien zu finanzieren.<\/span><\/p>\n<p style=\"text-align: justify;\"><strong><span style=\"font-family: arial, helvetica, sans-serif; font-size: 12pt;\">Was sich \u00e4ndern w\u00fcrde \u2014 konkret<\/span><\/strong><\/p>\n<p style=\"text-align: justify; padding-left: 40px;\"><span style=\"font-family: arial, helvetica, sans-serif; font-size: 12pt;\">\u2022 Weniger Vorstands\u00e4mter = weniger Sitzungstage, weniger Reisekosten, weniger Verwaltung<\/span><br \/>\n<span style=\"font-family: arial, helvetica, sans-serif; font-size: 12pt;\">\u2022 Formular-, Prozess- und Gremienverschlankung statt zus\u00e4tzlicher Ebenen<\/span><br \/>\n<span style=\"font-family: arial, helvetica, sans-serif; font-size: 12pt;\">\u2022 Reduzierter interner Abstimmungsbedarf \u2192 schnellere Entscheidungen<\/span><br \/>\n<span style=\"font-family: arial, helvetica, sans-serif; font-size: 12pt;\">\u2022 Mehr Transparenz f\u00fcr die Mitglieder: Wer macht was \u2013 mit klaren Rechenschaftsberichten<\/span><br \/>\n<span style=\"font-family: arial, helvetica, sans-serif; font-size: 12pt;\">\u2022 Finanzmittel werden genutzt f\u00fcr Fortbildungsangebote, Mitgliederservices und berufsst\u00e4ndische Arbeit, nicht f\u00fcr weitergehende Gremienaufw\u00fcchse<\/span><\/p>\n<p style=\"text-align: justify;\"><span style=\"color: #ffffff; background-color: #008889;\"><span style=\"font-family: arial, helvetica, sans-serif; font-size: 12pt; background-color: #008889;\">Fazit:<\/span><\/span><\/p>\n<p style=\"text-align: justify;\"><span style=\"font-family: arial, helvetica, sans-serif; font-size: 12pt;\">Mit unserer Reformmaschinerie bringen wir die Zahn\u00e4rztekammer Berlin zur\u00fcck auf ihren Kern: eine schlagkr\u00e4ftige, effiziente und respektierte Berufsvertretung \u2013 ohne \u00fcberbordende Apparatkosten. Die Botschaft ist klar: <\/span><br \/>\n<span style=\"font-family: arial, helvetica, sans-serif; font-size: 12pt;\">Mehr Wirkung statt mehr Gremien. <\/span><br \/>\n<span style=\"font-family: arial, helvetica, sans-serif; font-size: 12pt;\">Keine Erh\u00f6hung der Kammerbeitr\u00e4ge. <\/span><br \/>\n<span style=\"font-family: arial, helvetica, sans-serif; font-size: 12pt;\">Wir wissen: Weniger ist oft mehr \u2013 und als Ihre Kandidatinnen und Kandidaten stehen wir bereit, umzusteuern.<\/span><\/p>\n<p>&nbsp;<\/p>\n<p><a href=\"https:\/\/iuzb.de\/wp-content\/uploads\/2025\/10\/IUZB-Wir-fuer-Sie-und-die-Berliner-Kammer.png\" target=\"_blank\" rel=\"noopener\"><img loading=\"lazy\" decoding=\"async\" class=\"alignnone wp-image-49438 size-full\" src=\"https:\/\/iuzb.de\/wp-content\/uploads\/2025\/10\/IUZB-Wir-fuer-Sie-und-die-Berliner-Kammer.png\" alt=\"\" width=\"1076\" height=\"316\" srcset=\"https:\/\/iuzb.de\/wp-content\/uploads\/2025\/10\/IUZB-Wir-fuer-Sie-und-die-Berliner-Kammer.png 1076w, https:\/\/iuzb.de\/wp-content\/uploads\/2025\/10\/IUZB-Wir-fuer-Sie-und-die-Berliner-Kammer-450x132.png 450w, https:\/\/iuzb.de\/wp-content\/uploads\/2025\/10\/IUZB-Wir-fuer-Sie-und-die-Berliner-Kammer-330x97.png 330w, https:\/\/iuzb.de\/wp-content\/uploads\/2025\/10\/IUZB-Wir-fuer-Sie-und-die-Berliner-Kammer-768x226.png 768w\" sizes=\"auto, (max-width: 1076px) 100vw, 1076px\" \/><\/a><\/p>\n<p><span style=\"font-family: arial, helvetica, sans-serif; font-size: 12pt; color: #008889;\"><strong>und weitere <a href=\"https:\/\/iuzb.de\/?page_id=48110\" target=\"_blank\" rel=\"noopener\">20 Kandidatinnen und 23 Kandidaten<\/a>.<\/strong><\/span><\/p>\n<p>&nbsp;<\/p>\n<p><img loading=\"lazy\" decoding=\"async\" class=\"alignnone wp-image-48691\" src=\"https:\/\/iuzb.de\/wp-content\/uploads\/2025\/09\/IUZB-Herz-640.png\" alt=\"\" width=\"150\" height=\"105\" srcset=\"https:\/\/iuzb.de\/wp-content\/uploads\/2025\/09\/IUZB-Herz-640.png 640w, https:\/\/iuzb.de\/wp-content\/uploads\/2025\/09\/IUZB-Herz-640-430x300.png 430w, https:\/\/iuzb.de\/wp-content\/uploads\/2025\/09\/IUZB-Herz-640-172x120.png 172w\" sizes=\"auto, (max-width: 150px) 100vw, 150px\" \/><\/p>\n<p>&nbsp;<\/p>\n<p><span style=\"font-family: arial, helvetica, sans-serif; font-size: 18pt; color: #ffffff;\">F ranspez, wirtschaftliche Vernunft und bessere L\u00f6sungen<\/span><\/p>\n","protected":false},"excerpt":{"rendered":"<p>&nbsp; Genug muss genug sein. Zahl der Vorstandsmitglieder reduzieren. Konzentration auf die Kernaufgaben. Teuren Ballast abwerfen. Durch uns. &nbsp; Weniger Gremien, mehr Wirkung \u2013 gemeinsam f\u00fcr eine schlankere Zahn\u00e4rztekammer Berlin [&#8230;]<\/p>\n","protected":false},"author":13,"featured_media":0,"parent":0,"menu_order":0,"comment_status":"closed","ping_status":"closed","template":"template-fullwidth.php","meta":{"ngg_post_thumbnail":0,"iawp_total_views":1,"footnotes":""},"class_list":["post-48104","page","type-page","status-publish","hentry"],"_links":{"self":[{"href":"https:\/\/iuzb.de\/index.php?rest_route=\/wp\/v2\/pages\/48104","targetHints":{"allow":["GET"]}}],"collection":[{"href":"https:\/\/iuzb.de\/index.php?rest_route=\/wp\/v2\/pages"}],"about":[{"href":"https:\/\/iuzb.de\/index.php?rest_route=\/wp\/v2\/types\/page"}],"author":[{"embeddable":true,"href":"https:\/\/iuzb.de\/index.php?rest_route=\/wp\/v2\/users\/13"}],"replies":[{"embeddable":true,"href":"https:\/\/iuzb.de\/index.php?rest_route=%2Fwp%2Fv2%2Fcomments&post=48104"}],"version-history":[{"count":30,"href":"https:\/\/iuzb.de\/index.php?rest_route=\/wp\/v2\/pages\/48104\/revisions"}],"predecessor-version":[{"id":49714,"href":"https:\/\/iuzb.de\/index.php?rest_route=\/wp\/v2\/pages\/48104\/revisions\/49714"}],"wp:attachment":[{"href":"https:\/\/iuzb.de\/index.php?rest_route=%2Fwp%2Fv2%2Fmedia&parent=48104"}],"curies":[{"name":"wp","href":"https:\/\/api.w.org\/{rel}","templated":true}]}}