{"id":48101,"date":"2025-08-15T11:02:33","date_gmt":"2025-08-15T09:02:33","guid":{"rendered":"https:\/\/iuzb.de\/?page_id=48101"},"modified":"2025-10-16T09:50:19","modified_gmt":"2025-10-16T07:50:19","slug":"3-3","status":"publish","type":"page","link":"https:\/\/iuzb.de\/?page_id=48101","title":{"rendered":"1. Sicherung Ihrer Rente durch verantwortungsvolles Handeln!"},"content":{"rendered":"<p>&nbsp;<\/p>\n<p style=\"text-align: justify; padding-left: 40px;\"><span style=\"font-family: arial, helvetica, sans-serif; font-size: 14pt; color: #008889;\">Problematische Anlagen in der Vergangenheit rechtfertigen keinen Totalschaden f\u00fcr Ihre Rente. Bisher noch ungenutzte Potenziale aussch\u00f6pfen, vorhandene Werte sichern und nicht vernichten.<br \/>\nKein blinder Rundumschlag, sondern professionelle Umsicht.<br \/>\nReformen anstossen.<br \/>\n<\/span><span style=\"font-family: arial, helvetica, sans-serif; font-size: 14pt; color: #008889;\"><strong>Mit uns.<\/strong><\/span><\/p>\n<p>&nbsp;<\/p>\n<p style=\"text-align: left;\"><span style=\"color: #008889;\"><strong><span style=\"font-family: arial, helvetica, sans-serif; font-size: 14pt;\">F\u00fcr ein starkes, transparenteres und zukunftsfestes Versorgungswerk!<\/span><\/strong><\/span><\/p>\n<p style=\"text-align: left;\"><span style=\"color: #008889;\"><strong><span style=\"font-family: arial, helvetica, sans-serif; font-size: 12pt;\">A u s&nbsp; &nbsp;K r i s e n z e i t e n&nbsp; &nbsp;l e r n e n&nbsp; &#8211;&nbsp; G e m e i n s a m&nbsp; &nbsp;R e f o r m e n&nbsp; &nbsp;a n s t o \u00df e n <\/span><\/strong><\/span><\/p>\n<p>&nbsp;<\/p>\n<p style=\"text-align: justify;\"><strong><span style=\"font-family: arial, helvetica, sans-serif; font-size: 14pt; color: #008889;\">Die Herausforderung<\/span><\/strong><\/p>\n<p style=\"text-align: justify;\"><span style=\"font-family: arial, helvetica, sans-serif; font-size: 12pt;\">Unser Versorgungswerk steht vor nie dagewesenen Herausforderungen. Dessen rechtliche Grundlagen stammen aus einer Zeit, in der sichere Renditen \u00fcber dem Rechnungszins noch selbstverst\u00e4ndlich waren. Heute sind die Bedingungen grundlegend anders: Niedrigzins, globale Krisen, Kriege, zunehmender Protektionismus und der Klimawandel fordern neue Strategien und Strukturen.<\/span><\/p>\n<p style=\"text-align: justify;\"><span style=\"color: #008889;\"><strong><span style=\"font-size: 14pt;\"><span style=\"font-family: arial, helvetica, sans-serif;\">Warum Reformen jetzt n\u00f6tig sind<\/span><\/span><\/strong><\/span><\/p>\n<ul style=\"list-style-type: circle; text-align: justify;\">\n<li style=\"text-align: left;\"><span style=\"font-family: arial, helvetica, sans-serif; font-size: 12pt;\">Das gesamtwirtschaftliche Umfeld ist kaum noch vorhersehbar: Selbst Immobilien bieten keine garantierte Anlage-Sicherheit mehr.<\/span><\/li>\n<li style=\"text-align: left;\"><span style=\"font-family: arial, helvetica, sans-serif; font-size: 12pt;\">Ohne Risiko keine Rendite: Eine ausgewogene Balance wird immer schwieriger. Unser Ziel: Sicherheit UND Ertrag, bei maximaler Transparenz f\u00fcr die Mitglieder.<\/span><\/li>\n<li style=\"text-align: left;\"><span style=\"font-family: arial, helvetica, sans-serif; font-size: 12pt;\">Alte Strukturen reichen nicht mehr aus: Wir brauchen eine neue, klare, sichere und professionelle Organisation.<\/span><\/li>\n<\/ul>\n<p style=\"text-align: justify;\"><strong><span style=\"font-family: arial, helvetica, sans-serif; font-size: 14pt; color: #008889;\">Unsere Forderungen f\u00fcr ein zukunftsf\u00e4higes Versorgungswerk<\/span><\/strong><\/p>\n<ul style=\"list-style-type: circle; text-align: justify;\">\n<li style=\"text-align: left;\"><span style=\"font-family: arial, helvetica, sans-serif; font-size: 12pt;\">Professionalisierung der Gremien: Qualifizierte, ehrenamtliche Mitglieder im Verwaltungs- und Aufsichtsausschuss, sowie der Vertreterversammlung.<\/span><\/li>\n<li style=\"text-align: left;\"><span style=\"font-family: arial, helvetica, sans-serif; font-size: 12pt;\">Fachliche Verst\u00e4rkung: Mindestens je ein nichtzahn\u00e4rztliches Mitglied mit Wirtschaftsexpertise im Verwaltungs- und ein juristisches im Aufsichtsausschuss.<\/span><\/li>\n<li style=\"text-align: left;\"><span style=\"font-family: arial, helvetica, sans-serif; font-size: 12pt;\">St\u00e4rkere Kontrolle und Initiative: Mehr Rechte f\u00fcr den Aufsichtsausschuss.<\/span><\/li>\n<li style=\"text-align: left;\"><span style=\"font-family: arial, helvetica, sans-serif; font-size: 12pt;\">Professionalisierung der hauptberuflichen Verwaltung.<\/span><\/li>\n<li style=\"text-align: left;\"><span style=\"font-family: arial, helvetica, sans-serif; font-size: 12pt;\">Verwaltungsleitung im Team: Einf\u00fchrung einer Doppelspitze. Keine Alleinherrschaft.<\/span><\/li>\n<li style=\"text-align: left;\"><span style=\"font-family: arial, helvetica, sans-serif; font-size: 12pt;\">Bessere Kommunikation: Enger und regelm\u00e4\u00dfiger Austausch mit der Vertreterversammlung \u2013 Einbindung aller berufspolitischen Gruppierungen!<\/span><\/li>\n<li style=\"text-align: left;\"><span style=\"font-family: arial, helvetica, sans-serif; font-size: 12pt;\">Schaffung eines Risiko-Kommunikationssystems: Transparent und fr\u00fchzeitig!<\/span><\/li>\n<li><span style=\"font-family: arial, helvetica, sans-serif; font-size: 12pt;\">Aufgrund des vielfach von Mitgliedern vorgetragenen Wunsches: Flexibilisierung des Rentenbezugs durch Erm\u00f6glichung einer Teilrente.<\/span><\/li>\n<\/ul>\n<p style=\"text-align: justify;\"><span style=\"color: #008889;\"><strong><span style=\"font-family: arial, helvetica, sans-serif; font-size: 14pt;\">Wir engagieren uns f\u00fcr Sie!<\/span><\/strong><\/span><\/p>\n<p style=\"text-align: justify;\"><span style=\"font-family: arial, helvetica, sans-serif; font-size: 12pt;\">Nur gemeinsam k\u00f6nnen wir unser Versorgungswerk fit f\u00fcr die Zukunft machen. Bitte unterst\u00fctzen Sie uns bei der notwendigen Reform \u2013 f\u00fcr mehr Transparenz und Sicherheit.<\/span><\/p>\n<p style=\"text-align: justify;\"><span style=\"font-family: arial, helvetica, sans-serif; font-size: 14pt; color: #008889;\"><strong>Ihre Stimme z\u00e4hlt!<\/strong><\/span><\/p>\n<p>&nbsp;<\/p>\n<p><span style=\"font-family: arial, helvetica, sans-serif; font-size: 12pt;\"><span style=\"color: #ffffff; background-color: #008889;\">Ihre IUZB<\/span> informiert. Sachlich.<\/span><\/p>\n<p><span style=\"font-family: arial, helvetica, sans-serif; font-size: 12pt;\"><span style=\"color: #ffffff; background-color: #008889;\">Kategorie<\/span>: <a href=\"https:\/\/iuzb.de\/?cat=47\" target=\"_blank\" rel=\"noopener\">&nbsp;VZB &#8211; Versorgungswerk<\/a><\/span><\/p>\n<p><span style=\"font-family: arial, helvetica, sans-serif; font-size: 12pt;\"><span style=\"color: #ffffff; background-color: #008889;\">Newsletter<\/span>: <\/span><a href=\"mailto:info@iuzb.de?subject=Bitte nehmen Sie mich in Ihren kostenlosen IUZB Infobriefverteiler auf.\" target=\"_blank\" rel=\"nofollow noopener ugc\"><span style=\"font-family: arial, helvetica, sans-serif; font-size: 12pt;\">AUFNAHME<\/span><\/a><\/p>\n<p>&nbsp;<\/p>\n<p><a href=\"https:\/\/iuzb.de\/wp-content\/uploads\/2025\/10\/IUZB-Wir-fuer-Sie-und-die-Berliner-Kammer.png\" target=\"_blank\" rel=\"noopener\"><img loading=\"lazy\" decoding=\"async\" class=\"alignnone wp-image-49438 size-full\" src=\"https:\/\/iuzb.de\/wp-content\/uploads\/2025\/10\/IUZB-Wir-fuer-Sie-und-die-Berliner-Kammer.png\" alt=\"\" width=\"1076\" height=\"316\" srcset=\"https:\/\/iuzb.de\/wp-content\/uploads\/2025\/10\/IUZB-Wir-fuer-Sie-und-die-Berliner-Kammer.png 1076w, https:\/\/iuzb.de\/wp-content\/uploads\/2025\/10\/IUZB-Wir-fuer-Sie-und-die-Berliner-Kammer-450x132.png 450w, https:\/\/iuzb.de\/wp-content\/uploads\/2025\/10\/IUZB-Wir-fuer-Sie-und-die-Berliner-Kammer-330x97.png 330w, https:\/\/iuzb.de\/wp-content\/uploads\/2025\/10\/IUZB-Wir-fuer-Sie-und-die-Berliner-Kammer-768x226.png 768w\" sizes=\"auto, (max-width: 1076px) 100vw, 1076px\" \/><\/a><\/p>\n<p><strong><span style=\"font-family: arial, helvetica, sans-serif; font-size: 12pt; color: #008889;\">und weitere <a href=\"https:\/\/iuzb.de\/?page_id=48110\" target=\"_blank\" rel=\"noopener\">20 Kandidatinnen und 23 Kandidaten<\/a>.<\/span><\/strong><\/p>\n<p>&nbsp;<\/p>\n<p><img loading=\"lazy\" decoding=\"async\" class=\"alignnone wp-image-48691\" src=\"https:\/\/iuzb.de\/wp-content\/uploads\/2025\/09\/IUZB-Herz-640.png\" alt=\"\" width=\"150\" height=\"105\" srcset=\"https:\/\/iuzb.de\/wp-content\/uploads\/2025\/09\/IUZB-Herz-640.png 640w, https:\/\/iuzb.de\/wp-content\/uploads\/2025\/09\/IUZB-Herz-640-430x300.png 430w, https:\/\/iuzb.de\/wp-content\/uploads\/2025\/09\/IUZB-Herz-640-172x120.png 172w\" sizes=\"auto, (max-width: 150px) 100vw, 150px\" \/><\/p>\n","protected":false},"excerpt":{"rendered":"<p>&nbsp; Problematische Anlagen in der Vergangenheit rechtfertigen keinen Totalschaden f\u00fcr Ihre Rente. Bisher noch ungenutzte Potenziale aussch\u00f6pfen, vorhandene Werte sichern und nicht vernichten. Kein blinder Rundumschlag, sondern professionelle Umsicht. Reformen [&#8230;]<\/p>\n","protected":false},"author":13,"featured_media":0,"parent":0,"menu_order":0,"comment_status":"closed","ping_status":"closed","template":"template-fullwidth.php","meta":{"ngg_post_thumbnail":0,"iawp_total_views":6,"footnotes":""},"class_list":["post-48101","page","type-page","status-publish","hentry"],"_links":{"self":[{"href":"https:\/\/iuzb.de\/index.php?rest_route=\/wp\/v2\/pages\/48101","targetHints":{"allow":["GET"]}}],"collection":[{"href":"https:\/\/iuzb.de\/index.php?rest_route=\/wp\/v2\/pages"}],"about":[{"href":"https:\/\/iuzb.de\/index.php?rest_route=\/wp\/v2\/types\/page"}],"author":[{"embeddable":true,"href":"https:\/\/iuzb.de\/index.php?rest_route=\/wp\/v2\/users\/13"}],"replies":[{"embeddable":true,"href":"https:\/\/iuzb.de\/index.php?rest_route=%2Fwp%2Fv2%2Fcomments&post=48101"}],"version-history":[{"count":55,"href":"https:\/\/iuzb.de\/index.php?rest_route=\/wp\/v2\/pages\/48101\/revisions"}],"predecessor-version":[{"id":49841,"href":"https:\/\/iuzb.de\/index.php?rest_route=\/wp\/v2\/pages\/48101\/revisions\/49841"}],"wp:attachment":[{"href":"https:\/\/iuzb.de\/index.php?rest_route=%2Fwp%2Fv2%2Fmedia&parent=48101"}],"curies":[{"name":"wp","href":"https:\/\/api.w.org\/{rel}","templated":true}]}}